{"id":2,"date":"2024-02-12T08:25:05","date_gmt":"2024-02-12T07:25:05","guid":{"rendered":"http:\/\/beeconnected.uvlf.sk\/?page_id=2"},"modified":"2026-04-07T07:59:52","modified_gmt":"2026-04-07T05:59:52","slug":"ukazkova-stranka","status":"publish","type":"page","link":"https:\/\/beeconnected.uvlf.sk\/","title":{"rendered":"VITAJTE"},"content":{"rendered":"\n<p>Mil\u00e9 kolegyne a kolegovia,<\/p>\n\n\n\n<p>po \u00faspe\u0161n\u00fdch troch ro\u010dn\u00edkoch \u010desko-slovenskej vedeckej konferencie <strong>BeeConnected<\/strong>, sa toto podujatie bude v&nbsp;roku 2026 znova kona\u0165 na Slovensku. Na p\u00f4de Univerzity veterin\u00e1rskeho lek\u00e1rstva a farm\u00e1cie v&nbsp;Ko\u0161iciach V\u00e1s priv\u00edtame vo \u0161tvrtok, 9. apr\u00edla 2026. Aj tentokr\u00e1t je cie\u013eom odovzd\u00e1vanie poznatkov o&nbsp;v\u00fdskume v\u010diel, \u010dmeliakov, v\u010del\u00edch produktov, \u010di geoinformatick\u00fdch a bioinformatick\u00fdch anal\u00fdz spojen\u00fdch so v\u010delami.<\/p>\n\n\n\n<p>Aj tentokr\u00e1t je cie\u013eom odovzd\u00e1vanie poznatkov o&nbsp;v\u00fdskume v\u010diel, \u010dmeliakov, v\u010del\u00edch produktov, \u010di geoinformatick\u00fdch a bioinformatick\u00fdch anal\u00fdz spojen\u00fdch so v\u010delami.<\/p>\n\n\n\n<p>Na konferencii chceme da\u0165 priestor predov\u0161etk\u00fdm mlad\u00fdm, teda doktorandom, mlad\u00fdm vedeck\u00fdm pracovn\u00edkom, pr\u00edpadne ostatn\u00fdm \u0161tudentom, ktor\u00fdch konferen\u010dn\u00e9 pr\u00edspevky bud\u00fa prednostne prezentovan\u00e9 or\u00e1lne. S\u00fa\u010das\u0165ou bude aj posterov\u00e1 sekcia, aby sme dali priestor prezentova\u0165 v\u00fdsledky v\u00fdskumu v\u0161etk\u00fdm \u00fa\u010dastn\u00edkom, teda aj \u0161kolite\u013eom, pr\u00edpadne star\u0161\u00edm vedeck\u00fdm pracovn\u00edkom.<\/p>\n\n\n\n<p>V\u00fdstupom konferencie bude elektronick\u00fd recenzovan\u00fd zborn\u00edk s&nbsp;ISBN.<\/p>\n\n\n\n<p>V&nbsp;nadv\u00e4znosti na konferenciu sa op\u00e4\u0165 uskuto\u010dn\u00ed <strong><mark style=\"background-color:rgba(0, 0, 0, 0);color:#7c4d06\" class=\"has-inline-color\">N\u00e1rodn\u00e9 podujatie projektu<\/mark> <\/strong><a href=\"https:\/\/www.bthenet.eu\" target=\"_blank\" rel=\"noreferrer noopener\"><strong>B-THENET<\/strong><\/a>, na ktorom V\u00e1m predstav\u00edme, ako sa vyv\u00edja medzin\u00e1rodn\u00e1 platforma sp\u00e1jaj\u00faca a&nbsp;vzdel\u00e1vaj\u00faca v\u010del\u00e1rov, poradcov a&nbsp;\u010fal\u0161\u00edch akt\u00e9rov vo v\u010del\u00e1rskom sektore. N\u00e1pl\u0148ou podujatia bud\u00fa predn\u00e1\u0161ky o&nbsp;spr\u00e1vnych v\u010del\u00e1rskych postupoch a&nbsp;opatreniach pri z\u00e1va\u017en\u00fdch ochoreniach v\u010diel. Podujatie je ur\u010den\u00e9 v\u010del\u00e1rom, poradcom, vedcom a&nbsp;ka\u017ed\u00e9mu, kto sa zauj\u00edma o&nbsp;t\u00fato problematiku.<\/p>\n\n\n\n<p>Ver\u00edme, \u017ee tieto podujatia vytvoria priestor nielen pre v\u00fdmenu vedeck\u00fdch poznatkov, ale aj pre nadviazanie nov\u00fdch kontaktov, pl\u00e1novanie spolo\u010dn\u00fdch aktiv\u00edt a&nbsp;v&nbsp;neposlednom rade aj priamu interakciu s&nbsp;v\u010del\u00e1rmi.&nbsp; <strong><mark style=\"background-color:rgba(0, 0, 0, 0);color:#7c4d06\" class=\"has-inline-color\">Zaregistrova\u0165 sa m\u00f4\u017eete na obe podujatia alebo iba na jedno z&nbsp;nich.<\/mark><\/strong><\/p>\n\n\n\n<p>Te\u0161\u00edme sa na op\u00e4tovn\u00e9 \u010desko-slovensk\u00e9 apidologick\u00e9 stretnutie.<\/p>\n\n\n\n<p>Prof. MVDr. Dagmar Mudro\u0148ov\u00e1, PhD. a&nbsp;\u010dlenovia organiza\u010dn\u00e9ho v\u00fdboru konferencie<\/p>\n\n\n\n<hr class=\"wp-block-separator has-alpha-channel-opacity\"\/>\n\n\n\n<h2 class=\"wp-block-heading\" id=\"terminy\">D\u00d4LE\u017dIT\u00c9 TERM\u00cdNY<\/h2>\n\n\n\n<figure class=\"wp-block-table is-style-stripes\"><table><tbody><tr><td><strong>Konferencia BeeConnected 2026<\/strong><\/td><td><mark style=\"background-color:rgba(0, 0, 0, 0);color:#7c4d06\" class=\"has-inline-color\"><strong>9. apr\u00edl 2026&nbsp;<\/strong> <\/mark><\/td><\/tr><tr><td><strong>N\u00e1rodn\u00e9 podujatie projektu B-THENET<\/strong><\/td><td><strong><mark style=\"background-color:rgba(0, 0, 0, 0);color:#7c4d06\" class=\"has-inline-color\">10. apr\u00edl 2026 <\/mark><\/strong><\/td><\/tr><tr><td><strong>Uz\u00e1vierka registr\u00e1cie <\/strong>(Konferencia BeeConnected 2026)<\/td><td><strong><mark style=\"background-color:rgba(0, 0, 0, 0);color:#7c4d06\" class=\"has-inline-color\">29. marec 2026 <\/mark><\/strong><\/td><\/tr><tr><td><strong>Uz\u00e1vierka registr\u00e1cie <\/strong>(pre B-THENET podujatie)<\/td><td><mark style=\"background-color:rgba(0, 0, 0, 0);color:#7c4d06\" class=\"has-inline-color\"><strong>8. apr\u00edl 2026&nbsp;<\/strong> <\/mark><\/td><\/tr><tr><td><strong>Term\u00edn \u00fahrady registra\u010dn\u00e9ho poplatku na konferenciu<\/strong><\/td><td><strong><mark style=\"background-color:rgba(0, 0, 0, 0);color:#7c4d06\" class=\"has-inline-color\">29. marec 2026 <\/mark><\/strong><\/td><\/tr><tr><td><strong>Term\u00edn pre zasielanie pr\u00edspevkov<\/strong><\/td><td><strong><mark style=\"background-color:rgba(0, 0, 0, 0);color:#7c4d06\" class=\"has-inline-color\">29. marec 2026<\/mark><\/strong><\/td><\/tr><\/tbody><\/table><\/figure>\n\n\n\n<hr class=\"wp-block-separator has-alpha-channel-opacity\"\/>\n\n\n\n<h2 class=\"wp-block-heading\" id=\"orgvybor\">ORGANIZA\u010cN\u00dd V\u00ddBOR<\/h2>\n\n\n\n<p><strong>Organiz\u00e1tor:<\/strong><\/p>\n\n\n\n<figure class=\"wp-block-image size-large is-resized\"><img loading=\"lazy\" decoding=\"async\" width=\"500\" height=\"500\" src=\"http:\/\/beeconnected.uvlf.sk\/wp-content\/uploads\/2024\/02\/uvlf.svg\" alt=\"\" class=\"wp-image-122\" style=\"object-fit:cover;width:150px;height:150px\"\/><\/figure>\n\n\n\n<p><strong>Spolupracuj\u00face organiz\u00e1cie:<\/strong><\/p>\n\n\n\n<figure class=\"wp-block-image size-large\"><img loading=\"lazy\" decoding=\"async\" width=\"1200\" height=\"182\" src=\"http:\/\/beeconnected.uvlf.sk\/wp-content\/uploads\/2024\/02\/coorg.svg\" alt=\"\" class=\"wp-image-119\"\/><\/figure>\n\n\n\n<h3 class=\"wp-block-heading\"><strong>Organiza\u010dn\u00fd v\u00fdbor<\/strong><\/h3>\n\n\n\n<figure class=\"wp-block-table is-style-stripes\"><table><tbody><tr><td>prof. MVDr. Dagmar Mudro\u0148ov\u00e1, PhD.<\/td><td>Univerzita veterin\u00e1rskeho lek\u00e1rstva a&nbsp;farm\u00e1cie v&nbsp;Ko\u0161iciach<\/td><\/tr><tr><td>doc. MVDr. Juraj Topor\u010d\u00e1k, PhD.<\/td><td>Univerzita veterin\u00e1rskeho lek\u00e1rstva a&nbsp;farm\u00e1cie v&nbsp;Ko\u0161iciach<\/td><\/tr><tr><td>MVDr. Marek Ratvaj, PhD. <\/td><td>Univerzita veterin\u00e1rskeho lek\u00e1rstva a&nbsp;farm\u00e1cie v&nbsp;Ko\u0161iciach<\/td><\/tr><tr><td>MVDr. Lenka Koll\u00e1r Mosk\u00e1\u013eov\u00e1<\/td><td>Univerzita veterin\u00e1rskeho lek\u00e1rstva a&nbsp;farm\u00e1cie v&nbsp;Ko\u0161iciach<\/td><\/tr><tr><td>Mgr. Ivana Pahulyiov\u00e1<\/td><td>Univerzita veterin\u00e1rskeho lek\u00e1rstva a&nbsp;farm\u00e1cie v&nbsp;Ko\u0161iciach<\/td><\/tr><tr><td>Ing. Pavel Fi\u013eo<\/td><td>SO\u0160 Pod B\u00e1no\u0161om, Bansk\u00e1 Bystrica, Slovensk\u00fd zv\u00e4z v\u010del\u00e1rov<\/td><\/tr><\/tbody><\/table><\/figure>\n\n\n\n<figure class=\"wp-block-table is-style-stripes\"><table><tbody><tr><td><strong>Kontakt (organiza\u010dn\u00e9 zabezpe\u010denie):<\/strong><\/td><td>prof. MVDr. Dagmar Mudro\u0148ov\u00e1, PhD.<\/td><\/tr><tr><td><\/td><td><a href=\"mailto:dagmar.mudronova@uvlf.sk\"><i class=\"fas fa-envelope\"><\/i> dagmar.mudronova@uvlf.sk<\/a><\/td><\/tr><tr><td><strong>Kontakt pre zasielanie pr\u00edspevkov:<\/strong><\/td><td>MVDr. Marek Ratvaj, PhD.<\/td><\/tr><tr><td><\/td><td><a href=\"mailto:marek.ratvaj@uvlf.sk\"><i class=\"fas fa-envelope\"><\/i> marek.ratvaj@uvlf.sk<\/a><\/td><\/tr><\/tbody><\/table><\/figure>\n\n\n\n<hr class=\"wp-block-separator has-alpha-channel-opacity\"\/>\n\n\n\n<h2 class=\"wp-block-heading\" id=\"vedeckyvybor\">VEDECK\u00dd V\u00ddBOR<\/h2>\n\n\n\n<figure class=\"wp-block-table is-style-stripes\"><table><tbody><tr><td>prof. MVDr. Dagmar Mudro\u0148ov\u00e1, PhD. &nbsp; <\/td><td> Univerzita veterin\u00e1rskeho lek\u00e1rstva a&nbsp;farm\u00e1cie v&nbsp;Ko\u0161iciach<\/td><\/tr><tr><td>doc. MVDr. Juraj Topor\u010d\u00e1k, PhD.<\/td><td> Univerzita veterin\u00e1rskeho lek\u00e1rstva a&nbsp;farm\u00e1cie v&nbsp;Ko\u0161iciach<\/td><\/tr><tr><td>MVDr. Marek Ratvaj, PhD.<\/td><td> Univerzita veterin\u00e1rskeho lek\u00e1rstva a&nbsp;farm\u00e1cie v&nbsp;Ko\u0161iciach<\/td><\/tr><tr><td>Doc. Ing. R\u00f3bert Chlebo, PhD.<\/td><td>Slovensk\u00e1 po\u013enohospod\u00e1rska univerzita v Nitre<\/td><\/tr><\/tbody><\/table><\/figure>\n\n\n\n<hr class=\"wp-block-separator has-alpha-channel-opacity\"\/>\n\n\n\n<h2 class=\"wp-block-heading\" id=\"miesto\">MIESTO KONANIA<\/h2>\n\n\n\n<p><strong>Miesto konania: <\/strong><br><a href=\"https:\/\/www.google.com\/maps\/place\/Univerzita+veterin%C3%A1rskeho+lek%C3%A1rstva+a+farm%C3%A1cie+v+Ko%C5%A1iciach\/@48.7384405,21.2434717,17z\/data=!3m1!4b1!4m6!3m5!1s0x473ee0f11f1941dd:0x26bbc264e06a1128!8m2!3d48.738437!4d21.2460466!16s%2Fm%2F0cr5yqs?entry=ttu\" target=\"_blank\" rel=\"noopener\"><i class=\"fas fa-map-marked-alt\"><\/i> <strong>Univerzita veterin\u00e1rskeho lek\u00e1rstva a&nbsp;farm\u00e1cie v&nbsp;Ko\u0161iciach, Komensk\u00e9ho 73, 041 81 Ko\u0161ice<\/strong><\/a><br>\n<i class=\"fas fa-map-marker-alt\"><\/i> GPS: 48.73860, 21.24606\n<\/p>\n\n\n\n<p><strong>Ako sa k&nbsp;n\u00e1m dostanete:<\/strong><br>Pri pr\u00edchode vlakom alebo autobusom na hlavn\u00fa \u017eelezni\u010dn\u00fa\/autobusov\u00fa stanicu m\u00f4\u017eete vyu\u017ei\u0165 <a href=\"https:\/\/www.dpmk.sk\/cp\" target=\"_blank\" rel=\"noreferrer noopener\">miestnu hromadn\u00fa dopravu<\/a>: elektri\u010dka \u010d. 2 zo zast\u00e1vky \u201eStani\u010dn\u00e9 n\u00e1mestie\u201c do zast\u00e1vky \u201eHavl\u00ed\u010dkova\u201c&nbsp; (priame spojenie).<\/p>\n\n\n\n<p><strong>Mo\u017enosti ubytovania v&nbsp;okol\u00ed univerzity:<\/strong><br><a href=\"https:\/\/www.ivvl.sk\/sk\/ubytovanie-penzion\" target=\"_blank\" rel=\"noopener\"><strong><i class=\"fas fa-external-link-alt\"><\/i> IVVL<\/strong><\/a><strong><br><\/strong><a href=\"https:\/\/www.hotelmichaelspalace.sk\/sk\/\" target=\"_blank\" rel=\"noopener\"><strong><i class=\"fas fa-external-link-alt\"><\/i> Michael\u2019s Palace<\/strong><\/a><strong><br><\/strong><a href=\"https:\/\/www.hotel-yasmin.sk\/sk\" target=\"_blank\" rel=\"noopener\"><strong><i class=\"fas fa-external-link-alt\"><\/i> Hotel Yasmin<\/strong><\/a><strong><br><\/strong><a href=\"http:\/\/www.lokomotiva.sk\/ubytovanie\/hotel-stadion\" target=\"_blank\" rel=\"noopener\"><strong><i class=\"fas fa-external-link-alt\"><\/i> Hotel \u0160tadi\u00f3n<\/strong><\/a><\/p>\n\n\n\n<hr class=\"wp-block-separator has-alpha-channel-opacity\"\/>\n\n\n\n<h2 class=\"wp-block-heading\" id=\"program\">PROGRAM<\/h2>\n\n\n\n<p><strong>Konferencia BeeConnected 2026: 9. apr\u00edl 2026<\/strong><\/p>\n\n\n\n<figure class=\"wp-block-table is-style-stripes\"><table><tbody><tr><td>8:30 \u2013 9:00<\/td><td><strong>Registr\u00e1cia \u00fa\u010dastn\u00edkov<\/strong><\/td><\/tr><tr><td>9:00<\/td><td><strong>Otvorenie konferencie<\/strong><\/td><\/tr><tr><td>9:10 \u2013 9:40<\/td><td><strong>Plen\u00e1rna predn\u00e1\u0161ka <\/strong>&#8211; Monitoring v\u010delstiev na Slovensku (<strong><em>Robert Chlebo)<\/em><\/strong><\/td><\/tr><tr><td>9:40 \u2013 10:00<\/td><td><strong>Coffee break<\/strong><\/td><\/tr><tr><td>10:00 \u2013 11:10<\/td><td><strong>1. sekcia predn\u00e1\u0161ok<\/strong><br>Zimn\u00fd \u00fahyn v\u010diel ako ukazovate\u013e infekcie <em>Nosema ceranae<\/em> v slovensk\u00fdch v\u010delstv\u00e1ch &#8211; <strong><em>Imrich Szab\u00f3 <\/em><\/strong><br>Metabolick\u00e9 d\u016fsledky konzumace pylov\u00fdch n\u00e1hra\u017eek u v\u010dely medonosn\u00e9 &#8211; <strong><em>Krist\u00fdna Mysl\u00ednov\u00e1<\/em><\/strong><br>Vliv chronick\u00e9 expozice acetamipridu na metabolismus v\u010dely medonosn\u00e9 &#8211; <strong><em>Alice \u0160\u00e1rkov\u00e1<\/em><\/strong><br>Vliv kyseliny \u0161\u0165avelov\u00e9 na fyziologii v\u010del\u00edho plodu &#8211; <strong><em>Eli\u0161ka Beranov\u00e1<\/em><\/strong><br>Predstavenie produktov HUMAC &#8211; <strong><em>Michal Proch\u00e1zka<\/em><\/strong><\/td><\/tr><tr><td>11:10 \u2013 12:00<\/td><td><strong>Coffee break a Posterov\u00e1 sekcia<\/strong> (Prezent\u00e1cia Kni\u017enica UVLF, Spol. HUMAC)<br>Studying genomic diversity in isolates of <em>Paenibacillus larvae<\/em> from Slovakia &#8211; <strong><em>Anna Kopcakova <\/em><\/strong><br>Vplyv vybran\u00fdch rastlinn\u00fdch extraktov na <em>Paenibacillus larvae<\/em> &#8211; <strong><em>\u013dudmila Hamarov\u00e1 <\/em><\/strong><br>Neuroprotekt\u00edvne a prokognit\u00edvne \u00fa\u010dinky materskej ka\u0161i\u010dky &#8211; <strong><em>Tatiana Kri\u0161tof Krakov\u00e1<\/em><\/strong><br>Vliv varro\u00f3zy na chemosenzorick\u00fd a&nbsp;nervov\u00fd syst\u00e9m v\u010dely medonosn\u00e9 &#8211; <strong><em>Pavel Urva<\/em><\/strong><\/td><\/tr><tr><td>12:00 \u2013 13:30<\/td><td><strong>Obedn\u00e1 prest\u00e1vka<\/strong><\/td><\/tr><tr><td>13:30 \u2013 14:30<\/td><td><strong>2. sekcia predn\u00e1\u0161ok<\/strong><br>Detekcia <em>Nosema<\/em> spp. v mede pomocou multiplexnej PCR: Hodnotenie medu ako zdroja environment\u00e1lnej DNA na Slovensku &#8211; <strong><em>Jana Morochovi\u010dov\u00e1<\/em><\/strong><br>Optimaliz\u00e1cia metodick\u00e9ho postupu pr\u00edpravy \u010drevn\u00fdch explant\u00e1tov pre v\u00fdskum imunitnej odpovede v\u010dely medonosnej<strong><em>&#8211; Lenka Koll\u00e1r Mosk\u00e1\u013eov\u00e1<\/em><\/strong><br>Purifik\u00e1cia abundantn\u00fdch prote\u00ednov hemolymfy v\u010dely medonosnej: porovnanie metodick\u00fdch pr\u00edstupov &#8211; <strong><em>Eva Hrt\u00e1nkov\u00e1<\/em><\/strong><br>Studium kvality spermatu trubc\u016f v kontextu varro\u00e1zy &#8211; <strong><em>Eli\u0161ka Vokalov\u00e1<\/em><\/strong><\/td><\/tr><tr><td>14:30 \u2013 15:00<\/td><td><strong>Coffee break<\/strong><\/td><\/tr><tr><td>15:00 \u2013 15:45<\/td><td><strong>3. sekcia predn\u00e1\u0161ok<\/strong><br>Kdy\u017e si v\u010dely daj\u00ed kokain: od biochemie a mitochondri\u00e1ln\u00ed dysfunkce po vliv na cel\u00fd \u00fal &#8211;<strong><em>Dalibor Kodr\u00edk<\/em><\/strong><br>Transkrip\u010dn\u00e1 anal\u00fdza antiv\u00edrusovej obrany a fyziologickej regul\u00e1cie u&nbsp;v\u010diel medonosn\u00fdch infikovan\u00fdch v\u00edrusom deformovan\u00fdch kr\u00eddel &#8211; <strong><em>Gabriela Hofericov\u00e1 <\/em><\/strong><br>Zm\u011bny genov\u00e9 exprese u <em>Apis mellifera<\/em> v reakci na bakteri\u00e1ln\u00ed infekci &#8211; <strong><em>Eli\u0161ka Hoferkov\u00e1<\/em><\/strong><\/td><\/tr><tr><td>16:00<\/td><td>Pre z\u00e1ujemcov &#8211; prehliadka pracoviska Katedry mikrobiol\u00f3gie a&nbsp;imunol\u00f3gie UVLF<\/td><\/tr><tr><td>18:00<\/td><td><strong>Spolo\u010dn\u00e9 posedenie<\/strong><\/td><\/tr><\/tbody><\/table><\/figure>\n\n\n\n<p><strong>N\u00e1rodn\u00e9 podujatie projektu B-THENET: 10. apr\u00edl 2026<\/strong><\/p>\n\n\n\n<figure class=\"wp-block-table is-style-stripes\"><table><tbody><tr><td>8:30 \u2013 9:00<\/td><td><strong>Registr\u00e1cia \u00fa\u010dastn\u00edkov<\/strong><\/td><\/tr><tr><td>9:00<\/td><td><strong>Otvorenie konferencie a\u00a0predstavenie platformy B-THENET<\/strong> &#8211; <strong>MVDr. Marek Ratvaj, PhD.<\/strong><\/td><\/tr><tr><td>9:15 \u2013 10:00<\/td><td>V\u00fd\u017eiva v\u010diel \u2013 v\u00fdznam a\u00a0zlo\u017eenie v\u00fd\u017eivy v\u010diel &#8211; <strong>doc. MVDr. R\u00f3bert Chlebo, PhD.<\/strong><\/td><\/tr><tr><td>10:00 \u2013 10:45<\/td><td>V\u00fd\u017eiva a\u00a0vplyv odoberania plodu na kond\u00edciu v\u010delstiev &#8211; <strong>Ing. Pavel Fi\u013eo<\/strong><\/td><\/tr><tr><td>10:45 \u2013 11:30<\/td><td>Prest\u00e1vka<\/td><\/tr><tr><td>11:30 \u2013 11:50<\/td><td>Predstavenie produktov HUMAC &#8211; <strong>RNDr. Michal Proch\u00e1zka, PhD.; prof. MVDr. Dagmar Mudro\u0148ov\u00e1, PhD.<\/strong><\/td><\/tr><tr><td>11:50 \u2013 13:00<\/td><td>Hniloba v\u010delieho plodu \u2013 diagnostika a\u00a0san\u00e1cia v\u00a0\u010ceskej republike &#8211; <strong><strong>Mgr. Ji\u0159\u00ed Danihl\u00edk, PhD.<\/strong><\/strong><\/td><\/tr><tr><td>13:00 \u2013 13:30<\/td><td>KVEPIS \u2013 Informa\u010dn\u00fd syst\u00e9m a\u00a0hniloba v\u010delieho plodu a\u00a0jej san\u00e1cia v\u00a0Slovenskej republike &#8211; <strong>doc. MVDr. Juraj Topor\u010d\u00e1k, PhD.<\/strong><\/td><\/tr><\/tbody><\/table><\/figure>\n\n\n\n<hr class=\"wp-block-separator has-alpha-channel-opacity\"\/>\n\n\n\n<h2 class=\"wp-block-heading\" id=\"recnici\">HLAVN\u00cd RE\u010cN\u00cdCI<\/h2>\n\n\n\n<h3>Prof. MVDr. Dagmar Mudro\u0148ov\u00e1, PhD.<\/h3>\n<div class=\"grid-container\">\n<div class=\"grid-child purple\">\n<figure class=\"wp-block-image size-thumbnail\"><img loading=\"lazy\" decoding=\"async\" width=\"387\" height=\"387\" class=\"keynotesp\" src=\"http:\/\/beeconnected.uvlf.sk\/wp-content\/uploads\/2024\/02\/mudronova.png\" alt=\"\" class=\"wp-image-75\" srcset=\"https:\/\/beeconnected.uvlf.sk\/wp-content\/uploads\/2024\/02\/mudronova.png 387w, https:\/\/beeconnected.uvlf.sk\/wp-content\/uploads\/2024\/02\/mudronova-300x300.png 300w, https:\/\/beeconnected.uvlf.sk\/wp-content\/uploads\/2024\/02\/mudronova-150x150.png 150w\" sizes=\"auto, (max-width: 387px) 100vw, 387px\" \/><\/figure>\n<\/div><div class=\"grid-child green\">P\u00f4sob\u00ed na Katedre mikrobiol\u00f3gie a imunol\u00f3gie Univerzity veterin\u00e1rskeho lek\u00e1rstva a farm\u00e1cie v Ko\u0161iciach. Dlhodobo sa venuje v\u00fdskumu probiotick\u00fdch bakt\u00e9ri\u00ed a l\u00e1tok natur\u00e1lneho p\u00f4vodu s cie\u013eom zn\u00ed\u017ei\u0165 pou\u017e\u00edvanie antibiot\u00edk v chovoch zvierat, a tak zv\u00fd\u0161i\u0165 kvalitu a zdravotn\u00fa bezpe\u010dnos\u0165 potrav\u00edn a zn\u00ed\u017ei\u0165 za\u0165a\u017eenie \u017eivotn\u00e9ho prostredia. Okrem \u0161t\u00fadia vplyvu probiot\u00edk a natur\u00e1lnych l\u00e1tok na imunitn\u00fa odpove\u010f a \u010drevn\u00fa mikrobiotu r\u00f4znych druhov zvierat, najm\u00e4 v\u0161ak m\u00e1lo pre\u0161tudovan\u00fdch druhov ako s\u00fa ryby, v\u010dely a hydina, sa venuje aj v\u00fdvoju nov\u00fdch prepar\u00e1tov na b\u00e1ze prospe\u0161n\u00fdch bakt\u00e9ri\u00ed a pr\u00edrodn\u00fdch l\u00e1tok. V\u00fdsledkom jej pr\u00e1ce s\u00fa okrem mno\u017estva vedeck\u00fdch publik\u00e1ci\u00ed v renovovan\u00fdch vedeck\u00fdch \u010dasopisoch a monografi\u00e1ch aj praktick\u00e9 v\u00fdstupy v podobe patentu a \u00fa\u017eitkov\u00e9ho vzoru na probiotick\u00fd pr\u00edpravok pre v\u010dely a medzin\u00e1rodnej patentovej prihl\u00e1\u0161ky probiotick\u00e9ho krmiva pre lososovit\u00e9 ryby.<\/div><\/div>\n\n\n\n<h3>Doc. MVDr. Juraj Topor\u010d\u00e1k, PhD.<\/h3>\n<div class=\"grid-container\">\n<div class=\"grid-child purple\">\n<figure class=\"wp-block-image size-thumbnail\"><img loading=\"lazy\" decoding=\"async\" width=\"182\" height=\"182\" class=\"keynotesp\" src=\"http:\/\/beeconnected.uvlf.sk\/wp-content\/uploads\/2024\/02\/toporcak.jpg\" alt=\"\" class=\"wp-image-78\" srcset=\"https:\/\/beeconnected.uvlf.sk\/wp-content\/uploads\/2024\/02\/toporcak.jpg 182w, https:\/\/beeconnected.uvlf.sk\/wp-content\/uploads\/2024\/02\/toporcak-150x150.jpg 150w\" sizes=\"auto, (max-width: 182px) 100vw, 182px\" \/><\/figure>\n<\/div><div class=\"grid-child green\">P\u00f4sob\u00ed na Klinike vt\u00e1kov, exotick\u00fdch a vo\u013ene \u017eij\u00facich zvierat Univerzity veterin\u00e1rskeho lek\u00e1rstva a farm\u00e1cie v Ko\u0161iciach. Predt\u00fdm od roku 1983 do 2007 p\u00f4sobil na Oddelen\u00ed chor\u00f4b r\u00fdb, v\u010diel a zveri. \u0160pecializuje sa v pedagogickej oblasti, jak v slovenskom tak anglickom jazyku, pre choroby v\u010diel. Vydal 190 odborn\u00fdch publik\u00e1ci\u00ed, z toho 15 u\u010debn\u00fdch textov v oboch jazykoch, 10 odborn\u00fdch a vedeck\u00fdch monografi\u00ed, 14 publik\u00e1cie v datab\u00e1zach WOS, vy\u0161e 280 cit\u00e1ci\u00ed. V\u00fdskum je zameran\u00fd na choroby v\u010diel, bol ved\u00facim alebo \u010dlenom vo viacer\u00fdch programoch VEGA a KEGA, v s\u00fa\u010dasnom obdob\u00ed je ved\u00facim n\u00e1rodn\u00e9ho centra B-THENET programu E\u00da HORIZONT 2023-2026. Predn\u00e1\u0161al a p\u00f4sobil kr\u00e1tko a dlhodobo v oblasti chor\u00f4b v\u010diel na mnoh\u00fdch pracovisk\u00e1ch a laborat\u00f3ri\u00e1ch vo svete. P\u00f4sobil ako gener\u00e1lny sekret\u00e1r pre Apisl\u00e1viu, je odborn\u00fdm poradcom pre SZV v oblasti zdravia v\u010diel a p\u00f4sobil ako \u010dlen poradn\u00e9ho org\u00e1nu pre \u00dastredn\u00e9ho riadite\u013ea \u0160VPS SR. Je mnohoro\u010dn\u00fdm \u010dlenom redak\u010dnej rady V\u010del\u00e1r, garantom programu V\u010dela\u0159stv\u00ed na Fakulte ve\u0159ejnospr\u00e1vn\u00edch a ekonomick\u00fdch studi\u00ed v Uhersk\u00e9m Hradi\u0161ti Vysokej \u0161koly Jagiello\u0144skej v Toruni v Uhersk\u00e9m Hradi\u0161ti, \u010dlen oborovej rady DSP VFU Brno \u201eChoroby voln\u0115 \u017eij\u00edc\u00edch zvi\u0159at a zvi\u0159at zoologick\u00fdch zahrad\u201c. Je \u010dlenom v mnoh\u00fdch medzin\u00e1rodn\u00fdch organiz\u00e1ci\u00e1ch ako EurBee, COLOSS a podobne.<\/div><\/div>\n\n\n\n<h3>Ing. Pavel Fi\u013eo<\/h3>\n<div class=\"grid-container\">\n<div class=\"grid-child purple\">\n<figure class=\"wp-block-image size-thumbnail\"><img loading=\"lazy\" decoding=\"async\" width=\"264\" height=\"264\" class=\"keynotesp\" src=\"http:\/\/beeconnected.uvlf.sk\/wp-content\/uploads\/2024\/02\/filo.jpg\" alt=\"\" class=\"wp-image-77\" srcset=\"https:\/\/beeconnected.uvlf.sk\/wp-content\/uploads\/2024\/02\/filo.jpg 264w, https:\/\/beeconnected.uvlf.sk\/wp-content\/uploads\/2024\/02\/filo-150x150.jpg 150w\" sizes=\"auto, (max-width: 264px) 100vw, 264px\" \/><\/figure>\n<\/div><div class=\"grid-child green\">P\u00f4sob\u00ed ako riadite\u013e SO\u0160 Pod B\u00e1no\u0161om v Banskej Bystrici. Od roku 1983 p\u00f4sobil ako u\u010dite\u013e odborn\u00fdch predmetov a nesk\u00f4r ako z\u00e1stupca riadite\u013ea na SOU po\u013enohospod\u00e1rsko \u2013 potravin\u00e1rske v Banskej Bystrici. V roku 1979 ukon\u010dil \u00faspe\u0161ne \u010cVUT Praha, \u010fal\u0161ie vzdel\u00e1vanie z\u00edskal na STU Bratislava \u2013 DP\u0160 ktor\u00e9 ukon\u010dil v roku 1986 a nakoniec e\u0161te ukon\u010dil v roku 1994 odbor informatiky na UMB Bansk\u00e1 Bystrica. Je lektorom v oblasti v\u010del\u00e1rstva. Svoju publika\u010dn\u00fa \u010dinnos\u0165 zameral z oblasti v\u010del\u00e1rstva do \u010dasopisov V\u010del\u00e1r a Modern\u00ed v\u010dela\u0159stv\u00ed, je spoluautorom Metodiky na celoro\u010dn\u00e9 o\u0161etrovanie v\u010delstiev proti klie\u0161tikovi z roku 2020. Bol \u010dlenom medzin\u00e1rodn\u00e9ho projektu Blesabee 2019, ktor\u00e1 z\u00edskala zlat\u00fa medailu na Apimondii v Montreale v Kanade za publik\u00e1ciu Blesabee \u201eOd zdrav\u00fdch v\u010diel ku zdrav\u00fdm \u013eu\u010fom\u201c. Je \u010dlenom programu Erasmus+ \u201eSk\u00f4r ako bude neskoro \u2013 sr\u0161e\u0148 \u00e1zijsk\u00fd\u201c. Je \u010destn\u00fdm \u010dlenom International Centre for Young Beekeepers ICYB, predseda SZV, \u010dlen redak\u010dnej rady \u010dasopisu Modern\u00ed v\u010dela\u0159stv\u00ed. Za svoju \u010dinnos\u0165 v oblasti v\u010del\u00e1rstva z\u00edskal Cenu APISLAVIE \u2013 za v\u00fdnimo\u010dn\u00fd pr\u00ednos pre v\u010del\u00e1rstvo, Medailu sv. Gorazda \u2013 cena Ministra \u0161kolstva, Cenu Mateja Bela \u2013 Predsedu Banskobystrick\u00e9ho samospr\u00e1vneho kraja, Zlat\u00fa medailu \u0160tefana Z\u00e1vodn\u00edka a Cenu Juraja F\u00e1ndlyho za pr\u00ednos pre slovensk\u00e9 v\u010del\u00e1rstvo. Z\u00fa\u010dastnil sa mnoh\u00fdch akci\u00ed a kongresov vo svete organizovan\u00fdch Apimondiou  (Ju\u017en\u00e1 K\u00f3rea, Ukrajina, Argent\u00edna, Kanada) a Apisl\u00e1viou.<\/div><\/div>\n\n\n\n<h3>Doc. Ing. R\u00f3bert Chlebo, PhD.<\/h3>\n<div class=\"grid-container\">\n<div class=\"grid-child purple\">\n<figure class=\"wp-block-image size-thumbnail\"><img loading=\"lazy\" decoding=\"async\" width=\"282\" height=\"282\" class=\"keynotesp\" src=\"http:\/\/beeconnected.uvlf.sk\/wp-content\/uploads\/2024\/02\/chlebo.jpg\" alt=\"\" class=\"wp-image-76\" srcset=\"https:\/\/beeconnected.uvlf.sk\/wp-content\/uploads\/2024\/02\/chlebo.jpg 282w, https:\/\/beeconnected.uvlf.sk\/wp-content\/uploads\/2024\/02\/chlebo-150x150.jpg 150w\" sizes=\"auto, (max-width: 282px) 100vw, 282px\" \/><\/figure>\n<\/div><div class=\"grid-child green\">P\u00f4sob\u00ed na \u00dastave chovu zvierat Slovenskej po\u013enohospod\u00e1rskej univerzity v Nitre. \u0160pecializuje sa na v\u00fdu\u010dbu a v\u00fdskum v oblasti v\u010del\u00e1rstva. Aktu\u00e1lne n\u00e1rodn\u00fd koordin\u00e1tor eur\u00f3pskehu projektu Insignia E\u00da a \u010dlen Riadiacich v\u00fdborov COST projektov BeSafeBeeHoney a Insect-IMP.  Viac ako 250 odborn\u00fdch  publik\u00e1ci\u00ed, z toho 17 v datab\u00e1ze WOS, vy\u0161e 1180 cit\u00e1ci\u00ed, Hirschov index 14. Predseda Region\u00e1lnej komisie pre Eur\u00f3pu svetovej v\u010del\u00e1rskej feder\u00e1cie Apimondia, v\u00fdkonn\u00fd tajomn\u00edk medzin\u00e1rodnej v\u010del\u00e1rskej asoci\u00e1cie Apislavia, \u010dlen vedeck\u00fdch odborn\u00fdch organiz\u00e1ci\u00ed COLOSS, International Honey Commission (IHC) a EurBee, predseda redak\u010dnej rady \u010dasopisu V\u010del\u00e1r. Spoluorganiz\u00e1tor medzin\u00e1rodn\u00fdch v\u010del\u00e1rskych kongresov Apimondie, Apislavie a BeeCome. Deleg\u00e1t Slovensk\u00e9ho zv\u00e4zu v\u010del\u00e1rov v medzin\u00e1rodn\u00fdch v\u010del\u00e1rskych organiz\u00e1ci\u00e1ch BeeLife, Apislavia, EPBA (Eur\u00f3pska feder\u00e1cia profesion\u00e1lnych v\u010del\u00e1rov) a v Poradnej skupine pre v\u010del\u00e1rstvo COPA-COGECA pri Eur\u00f3pskej komisii.<\/div><\/div>\n\n\n\n<hr class=\"wp-block-separator has-alpha-channel-opacity\"\/>\n\n\n\n<h2 class=\"wp-block-heading\" id=\"prispevky\">ZASIELANIE PR\u00cdSPEVKOV<\/h2>\n\n\n\n<p><strong>Term\u00edn pre zasielanie pr\u00edspevkov: <mark style=\"background-color:rgba(0, 0, 0, 0);color:#dd8604\" class=\"has-inline-color\">20. marec 2026<\/mark>.<\/strong><\/p>\n\n\n\n<p>Svoje pr\u00edspevky, pros\u00edm, zasielajte v&nbsp;stanovenom term\u00edne v&nbsp;predp\u00edsanom form\u00e1te a&nbsp;\u0161trukt\u00fare pod\u013ea in\u0161trukci\u00ed na <strong><a href=\"https:\/\/beeconnected.uvlf.sk\/wp-content\/uploads\/2026\/02\/Abstrakt-instrukcievzor.docx\"><i class=\"far fa-file-word\"><\/i> tomto vzorovom tla\u010dive<\/a><\/strong> <strong>na e-mailov\u00fa adresu<\/strong> <a href=\"mailto:marek.ratvaj@uvlf.sk\"><strong><i class=\"fas fa-envelope\"><\/i> marek.ratvaj@uvlf.sk<\/strong><\/a><strong>.<\/strong><\/p>\n\n\n\n<p>O forme akt\u00edvnej \u00fa\u010dasti (predn\u00e1\u0161ka\/poster) bude rozhodova\u0165 vedeck\u00fd v\u00fdbor. Predn\u00e1\u0161ky s\u00fa uprednost\u0148ovan\u00e9 u doktorandov a&nbsp;mlad\u00fdch vedeck\u00fdch pracovn\u00edkov.<strong><\/strong><\/p>\n\n\n\n<hr class=\"wp-block-separator has-alpha-channel-opacity\"\/>\n\n\n\n<h2 class=\"wp-block-heading\" id=\"registracia\">REGISTR\u00c1CIA A POPLATKY<\/h2>\n\n\n\n<p>Registr\u00e1cia na konferenciu BeeConnected a&nbsp;N\u00e1rodn\u00e9 podujatie B-THENET je otvoren\u00e1 do<strong> <mark style=\"background-color:rgba(0, 0, 0, 0);color:#7c4d06\" class=\"has-inline-color\">27. marca 2026<\/mark><\/strong>. <strong>Zaregistrova\u0165 sa m\u00f4\u017eete na obe podujatia alebo iba na jedno z&nbsp;nich vyplnen\u00edm registra\u010dn\u00e9ho formul\u00e1ra.<\/strong><\/p>\n\n\n\n<div class=\"wp-block-buttons is-layout-flex wp-block-buttons-is-layout-flex\">\n<div class=\"wp-block-button\"><a class=\"wp-block-button__link wp-element-button\" href=\"https:\/\/forms.office.com\/e\/wBfVtGCe9P\" target=\"_blank\" rel=\"noopener noreferrer noopener\">Registra\u010dn\u00fd formul\u00e1r<\/a><\/div>\n<\/div>\n\n\n\n<h3 class=\"wp-block-heading\"><strong>Registra\u010dn\u00fd poplatok:<\/strong><\/h3>\n\n\n\n<figure class=\"wp-block-table is-style-stripes\"><table><tbody><tr><td><strong>Konferencia BeeConnected<\/strong> <strong>2026 <\/strong>*<\/td><td><strong><mark style=\"background-color:rgba(0, 0, 0, 0);color:#dd8604\" class=\"has-inline-color\">60 EUR<\/mark><\/strong><mark style=\"background-color:rgba(0, 0, 0, 0);color:#dd8604\" class=\"has-inline-color\"><\/mark><\/td><\/tr><tr><td><strong>Konferencia BeeConnected 2026 <\/strong>(<strong>doktorand\/\u0161tudent<\/strong>) *<\/td><td><strong><mark style=\"background-color:rgba(0, 0, 0, 0);color:#dd8604\" class=\"has-inline-color\">40 EUR<\/mark><\/strong><\/td><\/tr><tr><td><strong>N\u00e1rodn\u00e9 podujatie projektu B-THENET<\/strong> **<\/td><td><strong><mark style=\"background-color:rgba(0, 0, 0, 0);color:#dd8604\" class=\"has-inline-color\">VSTUP ZDARMA<\/mark><\/strong><\/td><\/tr><\/tbody><\/table><figcaption class=\"wp-element-caption\">* v&nbsp;cene poplatku je obed po\u010das konferencie d\u0148a 9. apr\u00edla 2026, ktor\u00fd zabezpe\u010d\u00ed organiz\u00e1tor.<br> ** obed d\u0148a 10. apr\u00edla 2026 si zabezpe\u010duj\u00fa \u00fa\u010dastn\u00edci individu\u00e1lne.<\/figcaption><\/figure>\n\n\n\n<p>Registra\u010dn\u00fd poplatok na konferenciu je potrebn\u00e9 <strong>uhradi\u0165 bankov\u00fdm prevodom<\/strong> <strong>najnesk\u00f4r do 27. marca 2026.<\/strong> Platba v&nbsp;hotovosti na mieste nebude mo\u017en\u00e1.<\/p>\n\n\n\n<p><strong>Bankov\u00e9 spojenie:<\/strong><br>IBAN: SK42 8180 0000 0070 0007 2225<br>BIC: SPSRSKBA<br>Variabiln\u00fd symbol: 134100<br><strong>Pre spr\u00e1vne priradenie platby uve\u010fte, pros\u00edm, svoje meno do spr\u00e1vy pre prij\u00edmate\u013ea.<\/strong><\/p>\n\n\n\n<p><\/p>\n","protected":false},"excerpt":{"rendered":"<p>Mil\u00e9 kolegyne a kolegovia, po \u00faspe\u0161n\u00fdch troch ro\u010dn\u00edkoch \u010desko-slovenskej vedeckej konferencie BeeConnected, sa toto podujatie bude v&nbsp;roku 2026 znova kona\u0165 na Slovensku. Na p\u00f4de Univerzity veterin\u00e1rskeho lek\u00e1rstva a farm\u00e1cie v&nbsp;Ko\u0161iciach V\u00e1s priv\u00edtame vo \u0161tvrtok, 9. apr\u00edla 2026. Aj tentokr\u00e1t je cie\u013eom odovzd\u00e1vanie poznatkov o&nbsp;v\u00fdskume v\u010diel, \u010dmeliakov, v\u010del\u00edch produktov, \u010di geoinformatick\u00fdch a bioinformatick\u00fdch anal\u00fdz spojen\u00fdch so [&hellip;]<\/p>\n","protected":false},"author":1,"featured_media":0,"parent":0,"menu_order":0,"comment_status":"closed","ping_status":"open","template":"","meta":{"inline_featured_image":false,"footnotes":""},"class_list":["post-2","page","type-page","status-publish","hentry"],"_links":{"self":[{"href":"https:\/\/beeconnected.uvlf.sk\/index.php?rest_route=\/wp\/v2\/pages\/2","targetHints":{"allow":["GET"]}}],"collection":[{"href":"https:\/\/beeconnected.uvlf.sk\/index.php?rest_route=\/wp\/v2\/pages"}],"about":[{"href":"https:\/\/beeconnected.uvlf.sk\/index.php?rest_route=\/wp\/v2\/types\/page"}],"author":[{"embeddable":true,"href":"https:\/\/beeconnected.uvlf.sk\/index.php?rest_route=\/wp\/v2\/users\/1"}],"replies":[{"embeddable":true,"href":"https:\/\/beeconnected.uvlf.sk\/index.php?rest_route=%2Fwp%2Fv2%2Fcomments&post=2"}],"version-history":[{"count":73,"href":"https:\/\/beeconnected.uvlf.sk\/index.php?rest_route=\/wp\/v2\/pages\/2\/revisions"}],"predecessor-version":[{"id":203,"href":"https:\/\/beeconnected.uvlf.sk\/index.php?rest_route=\/wp\/v2\/pages\/2\/revisions\/203"}],"wp:attachment":[{"href":"https:\/\/beeconnected.uvlf.sk\/index.php?rest_route=%2Fwp%2Fv2%2Fmedia&parent=2"}],"curies":[{"name":"wp","href":"https:\/\/api.w.org\/{rel}","templated":true}]}}